{"id":62,"date":"2021-03-29T13:55:24","date_gmt":"2021-03-29T11:55:24","guid":{"rendered":"https:\/\/www.sageauthie.fr\/?page_id=62"},"modified":"2021-08-10T15:01:15","modified_gmt":"2021-08-10T13:01:15","slug":"la-cle-et-sa-composition","status":"publish","type":"page","link":"https:\/\/www.sageauthie.fr\/index.php\/la-cle-et-sa-composition\/","title":{"rendered":"La CLE de l&rsquo;Authie et sa composition"},"content":{"rendered":"\n<h2 class=\"wp-block-heading\">Origine et historique de la CLE de l&rsquo;Authie<\/h2>\n\n\n\n<p>En 1994, l&rsquo;Institution Interd\u00e9partementale 62\/80 a demand\u00e9 aux Pr\u00e9fets de la Somme et du Pas-de-Calais de mettre en place un S.A.G.E. sur le bassin versant de l&rsquo;Authie. Le 4 d\u00e9cembre 1998, le comit\u00e9 de bassin Artois-Picardie a approuv\u00e9 le p\u00e9rim\u00e8tre du S.A.G.E. de l&rsquo;Authie. Le p\u00e9rim\u00e8tre du S.A.G.E. et la composition de la CLE ont \u00e9t\u00e9 fix\u00e9s par arr\u00eat\u00e9s inter-pr\u00e9fectoraux les 5 ao\u00fbt 1999 et 24 juillet 2002. Devant \u00eatre renouvel\u00e9e tous les 6 ans, la CLE a subi depuis des modifications de structure et de composition. <\/p>\n\n\n\n<h2 class=\"wp-block-heading\">La composition de la CLE Authie<\/h2>\n\n\n\n<p>La nouvelle structure et la nouvelle composition de la Commission Locale de l\u2019Eau ont fait l\u2019objet d\u2019arr\u00eat\u00e9s pr\u00e9fectoraux sign\u00e9s le 09 f\u00e9vrier 2021. Elle comporte 56 membres. Cette nouvelle composition prend en compte notamment les nouveaux EPCI install\u00e9s avec la loi NoTre du 7 ao\u00fbt 2015:<\/p>\n\n\n\n<h2 class=\"has-black-color has-text-color wp-block-heading\" style=\"line-height:0.5\">Coll\u00e8ge des \u00e9lus (28 membres)<\/h2>\n\n\n\n<figure class=\"wp-block-table aligncenter\"><table class=\"has-background\" style=\"background-color:#e7f5fe\"><tbody><tr><td>Conseil R\u00e9gional des Hauts-de-France (2 repr\u00e9sentants)<\/td><td>Mr Ghislain TETARD<br>Mme Patricia POUPART<\/td><\/tr><tr><td>Conseil D\u00e9partemental du Pas-de-Calais (1 repr\u00e9sentant)<\/td><td>Mme Blandine DRAIN<\/td><\/tr><tr><td>Conseil D\u00e9partemental de la Somme (1 repr\u00e9sentant<\/td><td>Mme Christelle HIVER<\/td><\/tr><tr><td>Symc\u00e9a (2 repr\u00e9sentants)<\/td><td>Mr Yves GILLE<br>Mr Jean-Michel MAGNIER<\/td><\/tr><tr><td>Association D\u00e9partementale des Maires du Pas-de-Calais (10 repr\u00e9sentants)<\/td><td><strong>CC des Campagnes de l&rsquo;Artois (2 repr\u00e9sentants)<\/strong><br>Mr Damien BRICOUT et Mr Alexandre DECRY<br><br><strong>CC du Ternois (2 repr\u00e9sentants)<\/strong><br>Mr Yves HOSTYN et Mr Michel DUVAL<br><br><strong>CC des 7 Vall\u00e9es (2 repr\u00e9sentants)<\/strong><br>Mr R\u00e9gis SEINE et Mr Reynald DENOEUX<br><br><strong>CA2BM (2 repr\u00e9sentants)<\/strong><br>Mr Thierry POILLET et Mr Bruno DELENCLOS<br><br><strong>CC du Sud Artois (1 repr\u00e9sentant)<\/strong><br>Mr Thierry ROUCOU<br><br><strong>AMF du Pas-de-Calais (1 repr\u00e9sentant)<\/strong><br>Mr Henri DEJONGHE<\/td><\/tr><tr><td>Association D\u00e9partementale des Maires de la Somme (10 repr\u00e9sentants)<\/td><td><strong>CC du Pays du Coquelicot (3 repr\u00e9sentants)<\/strong><br>Mr Michel DESTOMBES, Mr Jean-Marie GUENEZ, Mr Christophe DELORAINE<br><br><strong>CC du Territoire Nord Picardie (3 repr\u00e9sentants)<\/strong><br>Mr Francis PETIT, Mr Eric ROUSSEL, Mr Dominique DUFOSSE<br><br><strong>CC du Ponthieu Marquenterre (3 repr\u00e9sentants)<\/strong><br>Mr Claude PATTE, Mr Alain POUILLY, Mr Eric KRAEMER<br><br><strong>AMF de la Somme (1 repr\u00e9sentant)<\/strong><br>Mr Honor\u00e9 FROIDEVAL<\/td><\/tr><tr><td>Syndicat Mixte Baie de Somme des 3 Vall\u00e9es (1 repr\u00e9sentant)<\/td><td>Mme Isabelle ALEXANDRE<\/td><\/tr><tr><td>Syndicat Mixte Baie de Somme &#8211; Grand Littoral Picard (1 repr\u00e9sentant)<\/td><td>Mr Guy TAECK<\/td><\/tr><\/tbody><\/table><\/figure>\n\n\n\n<h2 class=\"has-black-color has-text-color wp-block-heading\">Coll\u00e8ge des usagers (17 membres)<\/h2>\n\n\n\n<figure class=\"wp-block-table is-style-regular\"><table class=\"has-background\" style=\"background-color:#e9fbe5\"><tbody><tr><td>Chambre interd\u00e9partementale d&rsquo;agriculture du Nord-Pas-de-Calais<\/td><\/tr><tr><td>Chambre d&rsquo;agriculture de la Somme <\/td><\/tr><tr><td>F\u00e9d\u00e9ration D\u00e9partementale des Associations Agr\u00e9\u00e9es pour la P\u00eache et la Protection du Milieu Aquatique du Pas-de-Calais <\/td><\/tr><tr><td>F\u00e9d\u00e9ration D\u00e9partementale des Associations Agr\u00e9\u00e9es pour la P\u00eache et la Protection du Milieu Aquatique de la Somme <\/td><\/tr><tr><td>F\u00e9d\u00e9ration D\u00e9partementale des chasseurs du Pas-de-Calais <\/td><\/tr><tr><td>F\u00e9d\u00e9ration D\u00e9partementale des chasseurs de la Somme <\/td><\/tr><tr><td>Groupement de D\u00e9fense de l&rsquo;Environnement de l&rsquo;Arrondissement de Montreuil-sur-mer <\/td><\/tr><tr><td>Association Picardie Nature <\/td><\/tr><tr><td>Association Nord Nature Environnement <\/td><\/tr><tr><td>Centre Permanent d&rsquo;Initiatives  pour l&rsquo;Environnement <\/td><\/tr><tr><td>Association Syndicale  Autoris\u00e9e \u00ab\u00a0Dess\u00e8chement  Vall\u00e9e Airon Sud\u00a0\u00bb <\/td><\/tr><tr><td>Association \u00ab\u00a0Moulins au fil de nos cours d&rsquo;eau\u00a0\u00bb <\/td><\/tr><tr><td>Syndicat des Pisciculteurs et Salmoniculteurs des Hauts-de-France<\/td><\/tr><tr><td>Union des F\u00e9d\u00e9rations de Consommateurs \u00ab\u00a0Que choisir\u00a0\u00bb <\/td><\/tr><tr><td>Groupement de D\u00e9fense Sanitaire Aquacole des Hauts-de-France<\/td><\/tr><tr><td>Comit\u00e9 R\u00e9gional Cano\u00eb Kayak des Hauts-de-France <\/td><\/tr><tr><td>Chambre des Commerces et de l&rsquo;Industrie Littoral Hauts-de-France <\/td><\/tr><\/tbody><\/table><\/figure>\n\n\n\n<h2 class=\"has-black-color has-text-color wp-block-heading\">Coll\u00e8ge de l\u2019\u00c9tat (11 membres)<\/h2>\n\n\n\n<figure class=\"wp-block-table\"><table class=\"has-background\" style=\"background-color:#fcf0ef\"><tbody><tr><td>Pr\u00e9fet coordonnateur de bassin Artois-Picardie, Pr\u00e9fet de la r\u00e9gion Nord-Pas-de-Calais-Picardie ou son repr\u00e9sentant<\/td><\/tr><tr><td>Pr\u00e9f\u00e8te de la Somme, en charge du suivi de la proc\u00e9dure du SAGE de l\u2019Authie ou son repr\u00e9sentant<\/td><\/tr><tr><td>Pr\u00e9fet du Pas de Calais ou son repr\u00e9sentant<\/td><\/tr><tr><td>Directeur R\u00e9gional de l\u2019Environnement, de l\u2019Am\u00e9nagement et du Logement des Hauts de France ou son repr\u00e9sentant<\/td><\/tr><tr><td>Directeur de l&rsquo;Agence de l&rsquo;Eau Artois-Picardie ou son repr\u00e9sentant<\/td><\/tr><tr><td>Directeur de l&rsquo;Agence R\u00e9gionale de la Sant\u00e9 ou son repr\u00e9sentant<\/td><\/tr><tr><td>Directeur D\u00e9partemental des Territoires et de la Mer du Pas de Calais ou son repr\u00e9sentant<\/td><\/tr><tr><td>Directeur D\u00e9partemental des Territoires et de la Somme ou son repr\u00e9sentant<\/td><\/tr><tr><td>Directeur R\u00e9gional Hauts-de-France de l&rsquo;Office Fran\u00e7ais de la Biodiversit\u00e9 ou son repr\u00e9sentant<\/td><\/tr><tr><td>Pr\u00e9sident du Parc Naturel Marin des Estuaires Picards et de la Mer d&rsquo;Opale ou son repr\u00e9sentant<\/td><\/tr><tr><td>D\u00e9l\u00e9gu\u00e9 Manche-Mer du Nord du Conservatoire du littoral et des rivages lacustres  ou son repr\u00e9sentant<\/td><\/tr><\/tbody><\/table><\/figure>\n","protected":false},"excerpt":{"rendered":"<p>Origine et historique de la CLE de l&rsquo;Authie En 1994, l&rsquo;Institution Interd\u00e9partementale 62\/80 a demand\u00e9 aux Pr\u00e9fets de la Somme et du Pas-de-Calais de mettre en place un S.A.G.E. sur le bassin versant de l&rsquo;Authie. Le 4 d\u00e9cembre 1998, le comit\u00e9 de bassin Artois-Picardie a approuv\u00e9 le p\u00e9rim\u00e8tre du S.A.G.E. de l&rsquo;Authie. Le p\u00e9rim\u00e8tre du &hellip; <\/p>\n<p class=\"link-more\"><a href=\"https:\/\/www.sageauthie.fr\/index.php\/la-cle-et-sa-composition\/\" class=\"more-link\">Continuer la lecture<span class=\"screen-reader-text\"> de &laquo;&nbsp;La CLE de l&rsquo;Authie et sa composition&nbsp;&raquo;<\/span><\/a><\/p>\n","protected":false},"author":2,"featured_media":0,"parent":0,"menu_order":0,"comment_status":"closed","ping_status":"closed","template":"","meta":{"footnotes":""},"class_list":["post-62","page","type-page","status-publish","hentry"],"_links":{"self":[{"href":"https:\/\/www.sageauthie.fr\/index.php\/wp-json\/wp\/v2\/pages\/62","targetHints":{"allow":["GET"]}}],"collection":[{"href":"https:\/\/www.sageauthie.fr\/index.php\/wp-json\/wp\/v2\/pages"}],"about":[{"href":"https:\/\/www.sageauthie.fr\/index.php\/wp-json\/wp\/v2\/types\/page"}],"author":[{"embeddable":true,"href":"https:\/\/www.sageauthie.fr\/index.php\/wp-json\/wp\/v2\/users\/2"}],"replies":[{"embeddable":true,"href":"https:\/\/www.sageauthie.fr\/index.php\/wp-json\/wp\/v2\/comments?post=62"}],"version-history":[{"count":15,"href":"https:\/\/www.sageauthie.fr\/index.php\/wp-json\/wp\/v2\/pages\/62\/revisions"}],"predecessor-version":[{"id":433,"href":"https:\/\/www.sageauthie.fr\/index.php\/wp-json\/wp\/v2\/pages\/62\/revisions\/433"}],"wp:attachment":[{"href":"https:\/\/www.sageauthie.fr\/index.php\/wp-json\/wp\/v2\/media?parent=62"}],"curies":[{"name":"wp","href":"https:\/\/api.w.org\/{rel}","templated":true}]}}